{"id":814,"date":"2016-09-06T08:39:58","date_gmt":"2016-09-06T08:39:58","guid":{"rendered":"http:\/\/ld-wp.template-help.com\/wordpress_62222_default-light\/?page_id=814"},"modified":"2026-03-06T10:12:42","modified_gmt":"2026-03-06T09:12:42","slug":"home","status":"publish","type":"page","link":"https:\/\/www.loitz.at\/motorrad\/","title":{"rendered":"Home"},"content":{"rendered":"\n<div class=\"wp-block-group is-layout-constrained wp-block-group-is-layout-constrained\">\n<div class=\"wp-block-group is-layout-constrained wp-block-group-is-layout-constrained\">\n<div class=\"wp-block-cover aligncenter\"><img loading=\"lazy\" decoding=\"async\" width=\"2048\" height=\"1152\" class=\"wp-block-cover__image-background wp-image-79886\" alt=\"\" src=\"https:\/\/www.loitz.at\/motorrad\/wp-content\/uploads\/sites\/3\/2026\/03\/Firmenfoto_Alle-edited.jpg\" style=\"object-position:50% 45%\" data-object-fit=\"cover\" data-object-position=\"50% 45%\" srcset=\"https:\/\/www.loitz.at\/motorrad\/wp-content\/uploads\/sites\/3\/2026\/03\/Firmenfoto_Alle-edited.jpg 2048w, https:\/\/www.loitz.at\/motorrad\/wp-content\/uploads\/sites\/3\/2026\/03\/Firmenfoto_Alle-edited-300x169.jpg 300w, https:\/\/www.loitz.at\/motorrad\/wp-content\/uploads\/sites\/3\/2026\/03\/Firmenfoto_Alle-edited-1024x576.jpg 1024w, https:\/\/www.loitz.at\/motorrad\/wp-content\/uploads\/sites\/3\/2026\/03\/Firmenfoto_Alle-edited-768x432.jpg 768w, https:\/\/www.loitz.at\/motorrad\/wp-content\/uploads\/sites\/3\/2026\/03\/Firmenfoto_Alle-edited-1536x864.jpg 1536w\" sizes=\"auto, (max-width: 2048px) 100vw, 2048px\" \/><span aria-hidden=\"true\" class=\"wp-block-cover__background has-background-dim\"><\/span><div class=\"wp-block-cover__inner-container is-layout-flow wp-block-cover-is-layout-flow\">\n<p class=\"has-text-align-center has-xx-large-font-size\"><strong>Ihr Motorrad-Loitz Team<\/strong><\/p>\n<\/div><\/div>\n<\/div>\n\n\n\n<div class=\"wp-block-group is-layout-constrained wp-block-group-is-layout-constrained\">\n<div class=\"wp-block-columns is-layout-flex wp-container-core-columns-is-layout-28f84493 wp-block-columns-is-layout-flex\">\n<div class=\"wp-block-column is-layout-flow wp-block-column-is-layout-flow\" style=\"flex-basis:100%\">\n<div class=\"wp-block-group is-layout-constrained wp-block-group-is-layout-constrained\">\n<div class=\"wp-block-group is-layout-constrained wp-block-group-is-layout-constrained\">\n<div class=\"wp-block-essential-blocks-slider  root-eb-slider-vsihaen\"><div class=\"eb-parent-wrapper eb-parent-eb-slider-vsihaen \"><div class=\"eb-slider-wrapper eb-slider-vsihaen\" data-blockid=\"eb-slider-vsihaen\" data-version=\"v4\" data-settings=\"eyJhcnJvd3MiOmZhbHNlLCJhZGFwdGl2ZUhlaWdodCI6ZmFsc2UsImF1dG9wbGF5IjpmYWxzZSwiYXV0b3BsYXlTcGVlZCI6MzAwMCwiZG90cyI6ZmFsc2UsImZhZGUiOmZhbHNlLCJpbmZpbml0ZSI6ZmFsc2UsInBhdXNlT25Ib3ZlciI6dHJ1ZSwic2xpZGVzVG9TaG93IjozLCJzcGVlZCI6MTEzOSwidmVydGljYWwiOmZhbHNlLCJjdXJyZW50U2xpZGUiOjAsInJ0bCI6ZmFsc2UsInJlc3BvbnNpdmUiOlt7ImJyZWFrcG9pbnQiOjEwMjUsInNldHRpbmdzIjp7InNsaWRlc1RvU2hvdyI6M319LHsiYnJlYWtwb2ludCI6NzY3LCJzZXR0aW5ncyI6eyJzbGlkZXNUb1Nob3ciOjN9fV19\" data-arrownexticon=\"fas fa-arrow-alt-circle-right\" data-arrowprevicon=\"fas fa-arrow-alt-circle-left\" data-lightbox=\"false\"><div class=\"eb-slider-init eb-slider-type-content\"><div class=\"eb-slider-item content-2\" data-src=\"https:\/\/www.loitz.at\/motorrad\/wp-content\/uploads\/sites\/3\/2026\/03\/Firmenfoto_Lager.jpg\"><div><a href=\"https:\/\/www.loitz.at\/motorrad\/anfahrt-kontakt\/\" target=\"_self\" rel=\"noopener\"><img class=\"eb-slider-image\" data-lazy=\"https:\/\/www.loitz.at\/motorrad\/wp-content\/uploads\/sites\/3\/2026\/03\/Firmenfoto_Lager.jpg\" \/><\/a><\/div><div class=\"eb-slider-content align-center \" data-content-link=\"\" data-content-target=\"_self\"><h2 class=\"eb-slider-title\">Lager<\/h2><div class=\"eb-slider-button-wrapper\"><\/div><\/div><\/div><div class=\"eb-slider-item content-2\" data-src=\"https:\/\/www.loitz.at\/motorrad\/wp-content\/uploads\/sites\/3\/2026\/03\/Firmenfoto_Verkauf.jpg\"><div><a href=\"https:\/\/www.loitz.at\/motorrad\/anfahrt-kontakt\/\" target=\"_self\" rel=\"noopener\"><img class=\"eb-slider-image\" data-lazy=\"https:\/\/www.loitz.at\/motorrad\/wp-content\/uploads\/sites\/3\/2026\/03\/Firmenfoto_Verkauf.jpg\" \/><\/a><\/div><div class=\"eb-slider-content align-center \" data-content-link=\"\" data-content-target=\"_self\"><h2 class=\"eb-slider-title\">Verkauf<\/h2><div class=\"eb-slider-button-wrapper\"><a href=\"https:\/\/www.loitz.at\/motorrad\/anfahrt-kontakt\/\" class=\"eb-slider-button\" target=\"_self\" rel=\"noopener\">Zum Kontakt<\/a><a href=\"https:\/\/www.loitz.at\/motorrad\/vorfuehrung\/\" class=\"eb-slider-second-button\" target=\"_self\" rel=\"noopener\">Vorf\u00fchrtermine<\/a><\/div><\/div><\/div><div class=\"eb-slider-item content-2\" data-src=\"https:\/\/www.loitz.at\/motorrad\/wp-content\/uploads\/sites\/3\/2026\/03\/Firmenfoto_Werkstatt.jpg\"><div><img class=\"eb-slider-image\" data-lazy=\"https:\/\/www.loitz.at\/motorrad\/wp-content\/uploads\/sites\/3\/2026\/03\/Firmenfoto_Werkstatt.jpg\" \/><\/div><div class=\"eb-slider-content align-center \" data-content-link=\"\" data-content-target=\"_self\"><h2 class=\"eb-slider-title\">Werkstatt<\/h2><div class=\"eb-slider-button-wrapper\"><\/div><\/div><\/div><\/div><\/div><\/div><\/div>\n<\/div>\n<\/div>\n<\/div>\n<\/div>\n<\/div>\n<\/div>\n\n\n\n<div class=\"wp-block-columns is-layout-flex wp-container-core-columns-is-layout-28f84493 wp-block-columns-is-layout-flex\">\n<div class=\"wp-block-column is-layout-flow wp-block-column-is-layout-flow\" style=\"flex-basis:50%\"><\/div>\n<\/div>\n\n\n\n<div class=\"wp-block-group alignwide is-layout-constrained wp-block-group-is-layout-constrained\" style=\"margin-top:0;margin-bottom:0\">\t\n\t\t<div id=\"gs_logo_area_1\" data-shortcode-id=\"1\" class=\"gs_logo_area gs_logo_area_1 slider1 \" data-options='{\"logo_per_page\":\"6\"}' style=\"opacity: 0; visibility: hidden;\">\n\t\t\t<div class=\"gs_logo_area--inner\">\n\n\t\t\t\t<!-- Category Filters - New (Global) -->\n\t\t\t\t\t\n\t\t\t\t\n<div class=\"gs_logo_container gs_carousel_swiper gs_logo_fix_height_and_center\" data-carousel-config='{\"direction\":\"horizontal\",\"speed\":500,\"isAutoplay\":true,\"autoplayDelay\":2000,\"loop\":true,\"pauseOnHover\":true,\"ticker\":false,\"navs\":false,\"navs_pos\":\"bottom\",\"dots\":false,\"dynamic_dots\":true,\"slideSpace\":10,\"slidesPerGroup\":1,\"desktopLogos\":5,\"tabletLogos\":3,\"mobileLogos\":2,\"reverseDirection\":false}'>\n\n\t\n\t\t\n\t\t\t<div class=\"gs_logo_single--wrapper\">\n\t\t\t\t<div class=\"gs_logo_single\">\n\n\t\t\t\t\t<!-- Logo Img -->\n\t\t\t\t\t<a href=\"https:\/\/www.suzuki.at\/motorrad\/modelle\" target=\"_blank\" rel=\"noopener\"><img loading=\"lazy\" decoding=\"async\" width=\"300\" height=\"47\" src=\"https:\/\/www.loitz.at\/motorrad\/wp-content\/uploads\/sites\/3\/2023\/12\/Suzuki-300x47.png\" class=\"tt-placement-top tt-bgcolor-one-%23ff5f6d tt-bgcolor-two-%23ffc371 tt-textcolor-%23fff gs-logo--img wp-post-image\" alt=\"\" title=\"GS Logo Ten\" srcset=\"https:\/\/www.loitz.at\/motorrad\/wp-content\/uploads\/sites\/3\/2023\/12\/Suzuki-300x47.png 300w, https:\/\/www.loitz.at\/motorrad\/wp-content\/uploads\/sites\/3\/2023\/12\/Suzuki.png 450w\" sizes=\"auto, (max-width: 300px) 100vw, 300px\" \/><\/a>\n\t\t\t\t\t<!-- Logo Title -->\n\t\t\t\t\t\t\t\t\t\t\n\t\t\t\t\t<!-- Logo Category -->\n\t\t\t\t\t\t\t\t\t\t\n\t\t\t\t<\/div>\n\t\t\t<\/div>\n\n\t\t\n\t\t\t<div class=\"gs_logo_single--wrapper\">\n\t\t\t\t<div class=\"gs_logo_single\">\n\n\t\t\t\t\t<!-- Logo Img -->\n\t\t\t\t\t<a href=\"https:\/\/www.aprilia.com\/at_DE\/\" target=\"_blank\" rel=\"noopener\"><img loading=\"lazy\" decoding=\"async\" width=\"300\" height=\"47\" src=\"https:\/\/www.loitz.at\/motorrad\/wp-content\/uploads\/sites\/3\/2023\/12\/aprilia-300x47.png\" class=\"tt-placement-top tt-bgcolor-one-%23ff5f6d tt-bgcolor-two-%23ffc371 tt-textcolor-%23fff gs-logo--img wp-post-image\" alt=\"\" title=\"GS Logo Six\" srcset=\"https:\/\/www.loitz.at\/motorrad\/wp-content\/uploads\/sites\/3\/2023\/12\/aprilia-300x47.png 300w, https:\/\/www.loitz.at\/motorrad\/wp-content\/uploads\/sites\/3\/2023\/12\/aprilia.png 450w\" sizes=\"auto, (max-width: 300px) 100vw, 300px\" \/><\/a>\n\t\t\t\t\t<!-- Logo Title -->\n\t\t\t\t\t\t\t\t\t\t\n\t\t\t\t\t<!-- Logo Category -->\n\t\t\t\t\t\t\t\t\t\t\n\t\t\t\t<\/div>\n\t\t\t<\/div>\n\n\t\t\n\t\t\t<div class=\"gs_logo_single--wrapper\">\n\t\t\t\t<div class=\"gs_logo_single\">\n\n\t\t\t\t\t<!-- Logo Img -->\n\t\t\t\t\t<a href=\"https:\/\/www.honda.at\/motorcycles.html\" target=\"_blank\" rel=\"noopener\"><img loading=\"lazy\" decoding=\"async\" width=\"300\" height=\"47\" src=\"https:\/\/www.loitz.at\/motorrad\/wp-content\/uploads\/sites\/3\/2023\/12\/Honda-300x47.png\" class=\"tt-placement-top tt-bgcolor-one-%23ff5f6d tt-bgcolor-two-%23ffc371 tt-textcolor-%23fff gs-logo--img wp-post-image\" alt=\"\" title=\"GS Logo Seven\" srcset=\"https:\/\/www.loitz.at\/motorrad\/wp-content\/uploads\/sites\/3\/2023\/12\/Honda-300x47.png 300w, https:\/\/www.loitz.at\/motorrad\/wp-content\/uploads\/sites\/3\/2023\/12\/Honda.png 450w\" sizes=\"auto, (max-width: 300px) 100vw, 300px\" \/><\/a>\n\t\t\t\t\t<!-- Logo Title -->\n\t\t\t\t\t\t\t\t\t\t\n\t\t\t\t\t<!-- Logo Category -->\n\t\t\t\t\t\t\t\t\t\t\n\t\t\t\t<\/div>\n\t\t\t<\/div>\n\n\t\t\n\t\t\t<div class=\"gs_logo_single--wrapper\">\n\t\t\t\t<div class=\"gs_logo_single\">\n\n\t\t\t\t\t<!-- Logo Img -->\n\t\t\t\t\t<a href=\"https:\/\/www.yamaha-motor.eu\/at\/de\/home\/\" target=\"_blank\" rel=\"noopener\"><img loading=\"lazy\" decoding=\"async\" width=\"300\" height=\"47\" src=\"https:\/\/www.loitz.at\/motorrad\/wp-content\/uploads\/sites\/3\/2023\/12\/yamaha-300x47.png\" class=\"tt-placement-top tt-bgcolor-one-%23ff5f6d tt-bgcolor-two-%23ffc371 tt-textcolor-%23fff gs-logo--img wp-post-image\" alt=\"\" title=\"GS Logo One\" srcset=\"https:\/\/www.loitz.at\/motorrad\/wp-content\/uploads\/sites\/3\/2023\/12\/yamaha-300x47.png 300w, https:\/\/www.loitz.at\/motorrad\/wp-content\/uploads\/sites\/3\/2023\/12\/yamaha.png 450w\" sizes=\"auto, (max-width: 300px) 100vw, 300px\" \/><\/a>\n\t\t\t\t\t<!-- Logo Title -->\n\t\t\t\t\t\t\t\t\t\t\n\t\t\t\t\t<!-- Logo Category -->\n\t\t\t\t\t\t\t\t\t\t\n\t\t\t\t<\/div>\n\t\t\t<\/div>\n\n\t\t\n\t\t\t<div class=\"gs_logo_single--wrapper\">\n\t\t\t\t<div class=\"gs_logo_single\">\n\n\t\t\t\t\t<!-- Logo Img -->\n\t\t\t\t\t<a href=\"https:\/\/www.motoguzzi.com\/at_DE\/\" target=\"_blank\" rel=\"noopener\"><img loading=\"lazy\" decoding=\"async\" width=\"300\" height=\"47\" src=\"https:\/\/www.loitz.at\/motorrad\/wp-content\/uploads\/sites\/3\/2023\/12\/motoguzzi-300x47.png\" class=\"tt-placement-top tt-bgcolor-one-%23ff5f6d tt-bgcolor-two-%23ffc371 tt-textcolor-%23fff gs-logo--img wp-post-image\" alt=\"\" title=\"GS Logo Nine\" srcset=\"https:\/\/www.loitz.at\/motorrad\/wp-content\/uploads\/sites\/3\/2023\/12\/motoguzzi-300x47.png 300w, https:\/\/www.loitz.at\/motorrad\/wp-content\/uploads\/sites\/3\/2023\/12\/motoguzzi.png 450w\" sizes=\"auto, (max-width: 300px) 100vw, 300px\" \/><\/a>\n\t\t\t\t\t<!-- Logo Title -->\n\t\t\t\t\t\t\t\t\t\t\n\t\t\t\t\t<!-- Logo Category -->\n\t\t\t\t\t\t\t\t\t\t\n\t\t\t\t<\/div>\n\t\t\t<\/div>\n\n\t\t\n\t\t\t<div class=\"gs_logo_single--wrapper\">\n\t\t\t\t<div class=\"gs_logo_single\">\n\n\t\t\t\t\t<!-- Logo Img -->\n\t\t\t\t\t<a href=\"https:\/\/www.vespa.com\/at_DE\/\" target=\"_blank\" rel=\"noopener\"><img loading=\"lazy\" decoding=\"async\" width=\"300\" height=\"47\" src=\"https:\/\/www.loitz.at\/motorrad\/wp-content\/uploads\/sites\/3\/2023\/12\/vespa-300x47.png\" class=\"tt-placement-top tt-bgcolor-one-%23ff5f6d tt-bgcolor-two-%23ffc371 tt-textcolor-%23fff gs-logo--img wp-post-image\" alt=\"\" title=\"GS Logo Eleven\" srcset=\"https:\/\/www.loitz.at\/motorrad\/wp-content\/uploads\/sites\/3\/2023\/12\/vespa-300x47.png 300w, https:\/\/www.loitz.at\/motorrad\/wp-content\/uploads\/sites\/3\/2023\/12\/vespa.png 450w\" sizes=\"auto, (max-width: 300px) 100vw, 300px\" \/><\/a>\n\t\t\t\t\t<!-- Logo Title -->\n\t\t\t\t\t\t\t\t\t\t\n\t\t\t\t\t<!-- Logo Category -->\n\t\t\t\t\t\t\t\t\t\t\n\t\t\t\t<\/div>\n\t\t\t<\/div>\n\n\t\t\n\t\t\t<div class=\"gs_logo_single--wrapper\">\n\t\t\t\t<div class=\"gs_logo_single\">\n\n\t\t\t\t\t<!-- Logo Img -->\n\t\t\t\t\t<a href=\"https:\/\/www.kawasaki.at\/de\/products\" target=\"_blank\" rel=\"noopener\"><img loading=\"lazy\" decoding=\"async\" width=\"300\" height=\"47\" src=\"https:\/\/www.loitz.at\/motorrad\/wp-content\/uploads\/sites\/3\/2023\/12\/Kawasaki_Motors_logo-300x47.png\" class=\"tt-placement-top tt-bgcolor-one-%23ff5f6d tt-bgcolor-two-%23ffc371 tt-textcolor-%23fff gs-logo--img wp-post-image\" alt=\"\" title=\"GS Logo Eight\" srcset=\"https:\/\/www.loitz.at\/motorrad\/wp-content\/uploads\/sites\/3\/2023\/12\/Kawasaki_Motors_logo-300x47.png 300w, https:\/\/www.loitz.at\/motorrad\/wp-content\/uploads\/sites\/3\/2023\/12\/Kawasaki_Motors_logo.png 450w\" sizes=\"auto, (max-width: 300px) 100vw, 300px\" \/><\/a>\n\t\t\t\t\t<!-- Logo Title -->\n\t\t\t\t\t\t\t\t\t\t\n\t\t\t\t\t<!-- Logo Category -->\n\t\t\t\t\t\t\t\t\t\t\n\t\t\t\t<\/div>\n\t\t\t<\/div>\n\n\t\t\t\t\n\t\n<\/div>\n\t\t\t\t<!-- Pagination -->\n\t\t\t\t\n\t\t\t<\/div>\n\t\t<\/div>\n\t\n\t\t<style>#gs_logo_area_1:not(.verticaltickerdown):not(.verticalticker) .gs_logo_container{margin-left:-5px}#gs_logo_area_1:not(.verticaltickerdown):not(.verticalticker) .gs_logo_container{margin-right:-5px}#gs_logo_area_1:not(.verticaltickerdown):not(.verticalticker) .gs_logo_single--wrapper{padding:5px}#gs_logo_area_1 ul.gs-logo-filter-cats{text-align:center!important}#gs_logo_area_1 .gs_logo_single--wrapper{width:20%}@media (max-width:1023px){#gs_logo_area_1 .gs_logo_single--wrapper{width:33.333333333333%}}@media (max-width:767px){#gs_logo_area_1 .gs_logo_single--wrapper{width:50%}}<\/style>\n<\/div>\n\n\n\n<div class=\"wp-block-group alignfull has-grey-background-color has-background is-layout-constrained wp-block-group-is-layout-constrained\" style=\"margin-top:0;margin-bottom:0\"><div class=\"root-eb-post-carousel-5dwc7zn alignwide wp-block-essential-blocks-post-carousel\">\n    <div class=\"eb-parent-wrapper eb-parent-eb-post-carousel-5dwc7zn \">\n        <div class=\"eb-post-carousel-5dwc7zn style-4 slick-arrows equal-height dot-style-3 eb-post-carousel-wrapper\"\n            data-id=\"eb-post-carousel-5dwc7zn\"\n            data-querydata=\"a:13:{s:6:&quot;source&quot;;s:4:&quot;post&quot;;s:11:&quot;sourceIndex&quot;;i:0;s:9:&quot;rest_base&quot;;s:5:&quot;posts&quot;;s:14:&quot;rest_namespace&quot;;s:5:&quot;wp\/v2&quot;;s:6:&quot;author&quot;;s:0:&quot;&quot;;s:10:&quot;taxonomies&quot;;a:1:{s:8:&quot;category&quot;;a:5:{s:4:&quot;name&quot;;s:10:&quot;Kategorien&quot;;s:9:&quot;rest_base&quot;;s:10:&quot;categories&quot;;s:14:&quot;rest_namespace&quot;;s:5:&quot;wp\/v2&quot;;s:4:&quot;slug&quot;;s:8:&quot;category&quot;;s:5:&quot;value&quot;;s:28:&quot;[{&quot;value&quot;:1,&quot;label&quot;:&quot;News&quot;}]&quot;;}}s:8:&quot;per_page&quot;;s:1:&quot;6&quot;;s:6:&quot;offset&quot;;s:1:&quot;0&quot;;s:7:&quot;orderby&quot;;s:4:&quot;date&quot;;s:5:&quot;order&quot;;s:4:&quot;desc&quot;;s:7:&quot;include&quot;;s:0:&quot;&quot;;s:7:&quot;exclude&quot;;s:0:&quot;&quot;;s:15:&quot;exclude_current&quot;;b:0;}\"\n            data-slidersettings=\"{&quot;arrows&quot;:true,&quot;dots&quot;:true,&quot;autoplaySpeed&quot;:0,&quot;speed&quot;:500,&quot;adaptiveHeight&quot;:true,&quot;autoplay&quot;:false,&quot;infinite&quot;:true,&quot;pauseOnHover&quot;:true,&quot;slideToShowRange&quot;:4,&quot;leftArrowIcon&quot;:&quot;fas fa-caret-left&quot;,&quot;rightArrowIcon&quot;:&quot;fas fa-caret-right&quot;,&quot;addIcon&quot;:false,&quot;showFallbackImg&quot;:false,&quot;fallbackImgUrl&quot;:&quot;&quot;,&quot;isRTLEnable&quot;:false,&quot;TABslideToShowRange&quot;:2,&quot;MOBslideToShowRange&quot;:1}\"\n            data-attributes=\"{&quot;preset&quot;:&quot;style-4&quot;,&quot;showThumbnail&quot;:true,&quot;showTitle&quot;:true,&quot;titleLength&quot;:-1,&quot;titleTag&quot;:&quot;h4&quot;,&quot;showContent&quot;:false,&quot;contentLength&quot;:20,&quot;expansionIndicator&quot;:&quot;...&quot;,&quot;showReadMore&quot;:false,&quot;readmoreText&quot;:&quot;Read More&quot;,&quot;showMeta&quot;:true,&quot;headerMeta&quot;:&quot;[]&quot;,&quot;footerMeta&quot;:&quot;[{\\&quot;value\\&quot;:\\&quot;date\\&quot;,\\&quot;label\\&quot;:\\&quot;Published Date\\&quot;}]&quot;,&quot;authorPrefix&quot;:&quot;by&quot;,&quot;datePrefix&quot;:&quot;&quot;,&quot;showBlockContent&quot;:true,&quot;leftArrowIcon&quot;:&quot;fas fa-caret-left&quot;,&quot;rightArrowIcon&quot;:&quot;fas fa-caret-right&quot;,&quot;showFallbackImg&quot;:false,&quot;isRTLEnable&quot;:false}\">\n\n            <div class=\"eb-post-carousel init-eb-post-carousel-5dwc7zn\"\n                data-id=\"eb-post-carousel-5dwc7zn\">\n                <article class=\"ebpg-carousel-post ebpg-post-carousel-column\" data-id=\"79834\"><div class=\"ebpg-carousel-post-holder\"><a class=\"ebpg-post-link-wrapper eb-sr-only\" href=\"https:\/\/www.loitz.at\/motorrad\/unsere-neue-telefonnummer\/\">Unsere neue Telefonnummer<\/a><div class=\"ebpg-entry-media\">\n                <div class=\"ebpg-entry-thumbnail\">\n                    \n                    <img loading=\"lazy\" decoding=\"async\" width=\"500\" height=\"707\" src=\"https:\/\/www.loitz.at\/motorrad\/wp-content\/uploads\/sites\/3\/2026\/02\/43-5774-94144-1.png\" class=\"attachment-full size-full\" alt=\"\" \/>\n                <\/div>\n            <\/div><div class=\"ebpg-entry-wrapper\"><div class=\"ebpg-entry-meta ebpg-header-meta\"><div class=\"ebpg-entry-meta-items\"><\/div><\/div><header class=\"ebpg-entry-header\">\n            <h4 class=\"ebpg-entry-title\">\n                <a class=\"ebpg-carousel-post-link\" href=\"https:\/\/www.loitz.at\/motorrad\/unsere-neue-telefonnummer\/\" title=\"unsereneuetelefonnummer\">Unsere neue Telefonnummer<\/a>\n            <\/h4>\n        <\/header><div class=\"ebpg-entry-meta ebpg-footer-meta\"><div class=\"ebpg-entry-meta-items\"><span class=\"ebpg-posted-on\">\n             5. Februar 2026\n        <\/span><\/div><\/div><\/div><\/div><\/article><article class=\"ebpg-carousel-post ebpg-post-carousel-column\" data-id=\"79678\"><div class=\"ebpg-carousel-post-holder\"><a class=\"ebpg-post-link-wrapper eb-sr-only\" href=\"https:\/\/www.loitz.at\/motorrad\/batterie-ladegeraet\/\">Batterie Ladeger\u00e4t<\/a><div class=\"ebpg-entry-media\">\n                <div class=\"ebpg-entry-thumbnail\">\n                    \n                    <img loading=\"lazy\" decoding=\"async\" width=\"1248\" height=\"1070\" src=\"https:\/\/www.loitz.at\/motorrad\/wp-content\/uploads\/sites\/3\/2025\/11\/Ladekabel5.jpg\" class=\"attachment-full size-full\" alt=\"\" \/>\n                <\/div>\n            <\/div><div class=\"ebpg-entry-wrapper\"><div class=\"ebpg-entry-meta ebpg-header-meta\"><div class=\"ebpg-entry-meta-items\"><\/div><\/div><header class=\"ebpg-entry-header\">\n            <h4 class=\"ebpg-entry-title\">\n                <a class=\"ebpg-carousel-post-link\" href=\"https:\/\/www.loitz.at\/motorrad\/batterie-ladegeraet\/\" title=\"batterieladegert\">Batterie Ladeger\u00e4t<\/a>\n            <\/h4>\n        <\/header><div class=\"ebpg-entry-meta ebpg-footer-meta\"><div class=\"ebpg-entry-meta-items\"><span class=\"ebpg-posted-on\">\n             27. November 2025\n        <\/span><\/div><\/div><\/div><\/div><\/article><article class=\"ebpg-carousel-post ebpg-post-carousel-column\" data-id=\"79673\"><div class=\"ebpg-carousel-post-holder\"><a class=\"ebpg-post-link-wrapper eb-sr-only\" href=\"https:\/\/www.loitz.at\/motorrad\/vorderrad-und-hinterradstaender-fuer-motorraeder\/\">Vorderrad und Hinterradst\u00e4nder f\u00fcr Motorr\u00e4der<\/a><div class=\"ebpg-entry-media\">\n                <div class=\"ebpg-entry-thumbnail\">\n                    \n                    <img loading=\"lazy\" decoding=\"async\" width=\"2000\" height=\"1500\" src=\"https:\/\/www.loitz.at\/motorrad\/wp-content\/uploads\/sites\/3\/2025\/11\/Motorradstaender.jpg\" class=\"attachment-full size-full\" alt=\"\" \/>\n                <\/div>\n            <\/div><div class=\"ebpg-entry-wrapper\"><div class=\"ebpg-entry-meta ebpg-header-meta\"><div class=\"ebpg-entry-meta-items\"><\/div><\/div><header class=\"ebpg-entry-header\">\n            <h4 class=\"ebpg-entry-title\">\n                <a class=\"ebpg-carousel-post-link\" href=\"https:\/\/www.loitz.at\/motorrad\/vorderrad-und-hinterradstaender-fuer-motorraeder\/\" title=\"vorderradundhinterradstnderfrmotorrder\">Vorderrad und Hinterradst\u00e4nder f\u00fcr Motorr\u00e4der<\/a>\n            <\/h4>\n        <\/header><div class=\"ebpg-entry-meta ebpg-footer-meta\"><div class=\"ebpg-entry-meta-items\"><span class=\"ebpg-posted-on\">\n             27. November 2025\n        <\/span><\/div><\/div><\/div><\/div><\/article><article class=\"ebpg-carousel-post ebpg-post-carousel-column\" data-id=\"79631\"><div class=\"ebpg-carousel-post-holder\"><a class=\"ebpg-post-link-wrapper eb-sr-only\" href=\"https:\/\/www.loitz.at\/motorrad\/wir-suchen-dich-2\/\">WIR SUCHEN DICH!<\/a><div class=\"ebpg-entry-media\">\n                <div class=\"ebpg-entry-thumbnail\">\n                    \n                    <img loading=\"lazy\" decoding=\"async\" width=\"1413\" height=\"780\" src=\"https:\/\/www.loitz.at\/motorrad\/wp-content\/uploads\/sites\/3\/2025\/11\/WIR-SUCHEN-DICH-e1773398368403.jpg\" class=\"attachment-full size-full\" alt=\"\" \/>\n                <\/div>\n            <\/div><div class=\"ebpg-entry-wrapper\"><div class=\"ebpg-entry-meta ebpg-header-meta\"><div class=\"ebpg-entry-meta-items\"><\/div><\/div><header class=\"ebpg-entry-header\">\n            <h4 class=\"ebpg-entry-title\">\n                <a class=\"ebpg-carousel-post-link\" href=\"https:\/\/www.loitz.at\/motorrad\/wir-suchen-dich-2\/\" title=\"wirsuchendich\">WIR SUCHEN DICH!<\/a>\n            <\/h4>\n        <\/header><div class=\"ebpg-entry-meta ebpg-footer-meta\"><div class=\"ebpg-entry-meta-items\"><span class=\"ebpg-posted-on\">\n             6. November 2025\n        <\/span><\/div><\/div><\/div><\/div><\/article><article class=\"ebpg-carousel-post ebpg-post-carousel-column\" data-id=\"79389\"><div class=\"ebpg-carousel-post-holder\"><a class=\"ebpg-post-link-wrapper eb-sr-only\" href=\"https:\/\/www.loitz.at\/motorrad\/neu-qjmotor\/\">NEU QJMotor<\/a><div class=\"ebpg-entry-media\">\n                <div class=\"ebpg-entry-thumbnail\">\n                    \n                    <img loading=\"lazy\" decoding=\"async\" width=\"2016\" height=\"1512\" src=\"https:\/\/www.loitz.at\/motorrad\/wp-content\/uploads\/sites\/3\/2025\/09\/IMG-20250910-WA0008.jpg\" class=\"attachment-full size-full\" alt=\"\" \/>\n                <\/div>\n            <\/div><div class=\"ebpg-entry-wrapper\"><div class=\"ebpg-entry-meta ebpg-header-meta\"><div class=\"ebpg-entry-meta-items\"><\/div><\/div><header class=\"ebpg-entry-header\">\n            <h4 class=\"ebpg-entry-title\">\n                <a class=\"ebpg-carousel-post-link\" href=\"https:\/\/www.loitz.at\/motorrad\/neu-qjmotor\/\" title=\"neuqjmotor\">NEU QJMotor<\/a>\n            <\/h4>\n        <\/header><div class=\"ebpg-entry-meta ebpg-footer-meta\"><div class=\"ebpg-entry-meta-items\"><span class=\"ebpg-posted-on\">\n             10. September 2025\n        <\/span><\/div><\/div><\/div><\/div><\/article><article class=\"ebpg-carousel-post ebpg-post-carousel-column\" data-id=\"79299\"><div class=\"ebpg-carousel-post-holder\"><a class=\"ebpg-post-link-wrapper eb-sr-only\" href=\"https:\/\/www.loitz.at\/motorrad\/motorradmechaniker-gesucht\/\">Motorradmechaniker*in gesucht<\/a><div class=\"ebpg-entry-media\">\n                <div class=\"ebpg-entry-thumbnail\">\n                    \n                    <img loading=\"lazy\" decoding=\"async\" width=\"1599\" height=\"1594\" src=\"https:\/\/www.loitz.at\/motorrad\/wp-content\/uploads\/sites\/3\/2025\/07\/Mechaniker-1.jpg\" class=\"attachment-full size-full\" alt=\"\" \/>\n                <\/div>\n            <\/div><div class=\"ebpg-entry-wrapper\"><div class=\"ebpg-entry-meta ebpg-header-meta\"><div class=\"ebpg-entry-meta-items\"><\/div><\/div><header class=\"ebpg-entry-header\">\n            <h4 class=\"ebpg-entry-title\">\n                <a class=\"ebpg-carousel-post-link\" href=\"https:\/\/www.loitz.at\/motorrad\/motorradmechaniker-gesucht\/\" title=\"motorradmechanikeringesucht\">Motorradmechaniker*in gesucht<\/a>\n            <\/h4>\n        <\/header><div class=\"ebpg-entry-meta ebpg-footer-meta\"><div class=\"ebpg-entry-meta-items\"><span class=\"ebpg-posted-on\">\n             25. Juli 2025\n        <\/span><\/div><\/div><\/div><\/div><\/article><article class=\"ebpg-carousel-post ebpg-post-carousel-column\" data-id=\"79268\"><div class=\"ebpg-carousel-post-holder\"><a class=\"ebpg-post-link-wrapper eb-sr-only\" href=\"https:\/\/www.loitz.at\/motorrad\/neue-modelle-yamaha-mt-07-und-mt-09\/\">Neue Modelle Yamaha MT 07 und MT 09<\/a><div class=\"ebpg-entry-media\">\n                <div class=\"ebpg-entry-thumbnail\">\n                    \n                    <img loading=\"lazy\" decoding=\"async\" width=\"788\" height=\"788\" src=\"https:\/\/www.loitz.at\/motorrad\/wp-content\/uploads\/sites\/3\/2025\/07\/yamaha_3d-logo_brandlogos.net_iwtkb.png\" class=\"attachment-full size-full\" alt=\"\" \/>\n                <\/div>\n            <\/div><div class=\"ebpg-entry-wrapper\"><div class=\"ebpg-entry-meta ebpg-header-meta\"><div class=\"ebpg-entry-meta-items\"><\/div><\/div><header class=\"ebpg-entry-header\">\n            <h4 class=\"ebpg-entry-title\">\n                <a class=\"ebpg-carousel-post-link\" href=\"https:\/\/www.loitz.at\/motorrad\/neue-modelle-yamaha-mt-07-und-mt-09\/\" title=\"neuemodelleyamahamt07undmt09\">Neue Modelle Yamaha MT 07 und MT 09<\/a>\n            <\/h4>\n        <\/header><div class=\"ebpg-entry-meta ebpg-footer-meta\"><div class=\"ebpg-entry-meta-items\"><span class=\"ebpg-posted-on\">\n             11. Juli 2025\n        <\/span><\/div><\/div><\/div><\/div><\/article><article class=\"ebpg-carousel-post ebpg-post-carousel-column\" data-id=\"79119\"><div class=\"ebpg-carousel-post-holder\"><a class=\"ebpg-post-link-wrapper eb-sr-only\" href=\"https:\/\/www.loitz.at\/motorrad\/neu-spinelli-abdeckplane\/\">NEU Spinelli Abdeckplane!<\/a><div class=\"ebpg-entry-media\">\n                <div class=\"ebpg-entry-thumbnail\">\n                    \n                    <img loading=\"lazy\" decoding=\"async\" width=\"748\" height=\"196\" src=\"https:\/\/www.loitz.at\/motorrad\/wp-content\/uploads\/sites\/3\/2025\/05\/logo-grande.png\" class=\"attachment-full size-full\" alt=\"\" \/>\n                <\/div>\n            <\/div><div class=\"ebpg-entry-wrapper\"><div class=\"ebpg-entry-meta ebpg-header-meta\"><div class=\"ebpg-entry-meta-items\"><\/div><\/div><header class=\"ebpg-entry-header\">\n            <h4 class=\"ebpg-entry-title\">\n                <a class=\"ebpg-carousel-post-link\" href=\"https:\/\/www.loitz.at\/motorrad\/neu-spinelli-abdeckplane\/\" title=\"neuspinelliabdeckplane\">NEU Spinelli Abdeckplane!<\/a>\n            <\/h4>\n        <\/header><div class=\"ebpg-entry-meta ebpg-footer-meta\"><div class=\"ebpg-entry-meta-items\"><span class=\"ebpg-posted-on\">\n             26. Mai 2025\n        <\/span><\/div><\/div><\/div><\/div><\/article><article class=\"ebpg-carousel-post ebpg-post-carousel-column\" data-id=\"74768\"><div class=\"ebpg-carousel-post-holder\"><a class=\"ebpg-post-link-wrapper eb-sr-only\" href=\"https:\/\/www.loitz.at\/motorrad\/rieju-mrt-50-supermoto\/\">Neu im Sortiment!!<\/a><div class=\"ebpg-entry-media\">\n                <div class=\"ebpg-entry-thumbnail\">\n                    \n                    <img loading=\"lazy\" decoding=\"async\" width=\"679\" height=\"396\" src=\"https:\/\/www.loitz.at\/motorrad\/wp-content\/uploads\/sites\/3\/2021\/08\/Sherco.png\" class=\"attachment-full size-full\" alt=\"\" \/>\n                <\/div>\n            <\/div><div class=\"ebpg-entry-wrapper\"><div class=\"ebpg-entry-meta ebpg-header-meta\"><div class=\"ebpg-entry-meta-items\"><\/div><\/div><header class=\"ebpg-entry-header\">\n            <h4 class=\"ebpg-entry-title\">\n                <a class=\"ebpg-carousel-post-link\" href=\"https:\/\/www.loitz.at\/motorrad\/rieju-mrt-50-supermoto\/\" title=\"neuimsortiment\">Neu im Sortiment!!<\/a>\n            <\/h4>\n        <\/header><div class=\"ebpg-entry-meta ebpg-footer-meta\"><div class=\"ebpg-entry-meta-items\"><span class=\"ebpg-posted-on\">\n             13. M\u00e4rz 2025\n        <\/span><\/div><\/div><\/div><\/div><\/article><article class=\"ebpg-carousel-post ebpg-post-carousel-column\" data-id=\"78725\"><div class=\"ebpg-carousel-post-holder\"><a class=\"ebpg-post-link-wrapper eb-sr-only\" href=\"https:\/\/www.loitz.at\/motorrad\/faschingsdienstag-geschlossen\/\">Neu im Sortiment!!<\/a><div class=\"ebpg-entry-media\">\n                <div class=\"ebpg-entry-thumbnail\">\n                    \n                    <img loading=\"lazy\" decoding=\"async\" width=\"778\" height=\"468\" src=\"https:\/\/www.loitz.at\/motorrad\/wp-content\/uploads\/sites\/3\/2025\/02\/Fantic.png\" class=\"attachment-full size-full\" alt=\"\" \/>\n                <\/div>\n            <\/div><div class=\"ebpg-entry-wrapper\"><div class=\"ebpg-entry-meta ebpg-header-meta\"><div class=\"ebpg-entry-meta-items\"><\/div><\/div><header class=\"ebpg-entry-header\">\n            <h4 class=\"ebpg-entry-title\">\n                <a class=\"ebpg-carousel-post-link\" href=\"https:\/\/www.loitz.at\/motorrad\/faschingsdienstag-geschlossen\/\" title=\"neuimsortiment\">Neu im Sortiment!!<\/a>\n            <\/h4>\n        <\/header><div class=\"ebpg-entry-meta ebpg-footer-meta\"><div class=\"ebpg-entry-meta-items\"><span class=\"ebpg-posted-on\">\n             13. M\u00e4rz 2025\n        <\/span><\/div><\/div><\/div><\/div><\/article><article class=\"ebpg-carousel-post ebpg-post-carousel-column\" data-id=\"77765\"><div class=\"ebpg-carousel-post-holder\"><a class=\"ebpg-post-link-wrapper eb-sr-only\" href=\"https:\/\/www.loitz.at\/motorrad\/zweirad-loitz-hausmesse-ein-voller-erfolg\/\">Unsere Motorrad Loitz Hausmesse 2025 war ein voller Erfolg!<\/a><div class=\"ebpg-entry-media\">\n                <div class=\"ebpg-entry-thumbnail\">\n                    \n                    <img loading=\"lazy\" decoding=\"async\" width=\"1536\" height=\"2048\" src=\"https:\/\/www.loitz.at\/motorrad\/wp-content\/uploads\/sites\/3\/2025\/02\/1740662053858.jpg\" class=\"attachment-full size-full\" alt=\"\" \/>\n                <\/div>\n            <\/div><div class=\"ebpg-entry-wrapper\"><div class=\"ebpg-entry-meta ebpg-header-meta\"><div class=\"ebpg-entry-meta-items\"><\/div><\/div><header class=\"ebpg-entry-header\">\n            <h4 class=\"ebpg-entry-title\">\n                <a class=\"ebpg-carousel-post-link\" href=\"https:\/\/www.loitz.at\/motorrad\/zweirad-loitz-hausmesse-ein-voller-erfolg\/\" title=\"unseremotorradloitzhausmesse2025wareinvollererfolg\">Unsere Motorrad Loitz Hausmesse 2025 war ein voller Erfolg!<\/a>\n            <\/h4>\n        <\/header><div class=\"ebpg-entry-meta ebpg-footer-meta\"><div class=\"ebpg-entry-meta-items\"><span class=\"ebpg-posted-on\">\n             28. Februar 2025\n        <\/span><\/div><\/div><\/div><\/div><\/article><article class=\"ebpg-carousel-post ebpg-post-carousel-column\" data-id=\"78328\"><div class=\"ebpg-carousel-post-holder\"><a class=\"ebpg-post-link-wrapper eb-sr-only\" href=\"https:\/\/www.loitz.at\/motorrad\/batterieladegeraet-optimate-1-duo\/\">Batterieladeger\u00e4t OptiMate 1 DUO Preis: \u20ac 56,80<\/a><div class=\"ebpg-entry-media\">\n                <div class=\"ebpg-entry-thumbnail\">\n                    \n                    <img loading=\"lazy\" decoding=\"async\" width=\"775\" height=\"582\" src=\"https:\/\/www.loitz.at\/motorrad\/wp-content\/uploads\/sites\/3\/2024\/10\/screenshot-2022-01-31-140404-45766.jpg\" class=\"attachment-full size-full\" alt=\"\" \/>\n                <\/div>\n            <\/div><div class=\"ebpg-entry-wrapper\"><div class=\"ebpg-entry-meta ebpg-header-meta\"><div class=\"ebpg-entry-meta-items\"><\/div><\/div><header class=\"ebpg-entry-header\">\n            <h4 class=\"ebpg-entry-title\">\n                <a class=\"ebpg-carousel-post-link\" href=\"https:\/\/www.loitz.at\/motorrad\/batterieladegeraet-optimate-1-duo\/\" title=\"batterieladegertoptimate1duopreis:5680\">Batterieladeger\u00e4t OptiMate 1 DUO Preis: \u20ac 56,80<\/a>\n            <\/h4>\n        <\/header><div class=\"ebpg-entry-meta ebpg-footer-meta\"><div class=\"ebpg-entry-meta-items\"><span class=\"ebpg-posted-on\">\n             18. Oktober 2024\n        <\/span><\/div><\/div><\/div><\/div><\/article><article class=\"ebpg-carousel-post ebpg-post-carousel-column\" data-id=\"76433\"><div class=\"ebpg-carousel-post-holder\"><a class=\"ebpg-post-link-wrapper eb-sr-only\" href=\"https:\/\/www.loitz.at\/motorrad\/hornet-750-eingetroffen\/\">NEU Eingetroffen Yamaha MT-09 Y-AMT vollautomatisches Fahrerlebnis!!<\/a><div class=\"ebpg-entry-media\">\n                <div class=\"ebpg-entry-thumbnail\">\n                    \n                    <img loading=\"lazy\" decoding=\"async\" width=\"2000\" height=\"1125\" src=\"https:\/\/www.loitz.at\/motorrad\/wp-content\/uploads\/sites\/3\/2023\/02\/2024-Yamaha-MT09AS-EU-Midnight_Cyan-360-Degrees-001-03.jpg\" class=\"attachment-full size-full\" alt=\"\" \/>\n                <\/div>\n            <\/div><div class=\"ebpg-entry-wrapper\"><div class=\"ebpg-entry-meta ebpg-header-meta\"><div class=\"ebpg-entry-meta-items\"><\/div><\/div><header class=\"ebpg-entry-header\">\n            <h4 class=\"ebpg-entry-title\">\n                <a class=\"ebpg-carousel-post-link\" href=\"https:\/\/www.loitz.at\/motorrad\/hornet-750-eingetroffen\/\" title=\"neueingetroffenyamahamt-09y-amtvollautomatischesfahrerlebnis\">NEU Eingetroffen Yamaha MT-09 Y-AMT vollautomatisches Fahrerlebnis!!<\/a>\n            <\/h4>\n        <\/header><div class=\"ebpg-entry-meta ebpg-footer-meta\"><div class=\"ebpg-entry-meta-items\"><span class=\"ebpg-posted-on\">\n             25. September 2024\n        <\/span><\/div><\/div><\/div><\/div><\/article><article class=\"ebpg-carousel-post ebpg-post-carousel-column\" data-id=\"75972\"><div class=\"ebpg-carousel-post-holder\"><a class=\"ebpg-post-link-wrapper eb-sr-only\" href=\"https:\/\/www.loitz.at\/motorrad\/75972-2\/\">\u00d6FFNUNGSZEITEN<\/a><div class=\"ebpg-entry-media\">\n                <div class=\"ebpg-entry-thumbnail\">\n                    \n                    <img loading=\"lazy\" decoding=\"async\" width=\"863\" height=\"678\" src=\"https:\/\/www.loitz.at\/motorrad\/wp-content\/uploads\/sites\/3\/2022\/11\/Oeffnungszeiten.png\" class=\"attachment-full size-full\" alt=\"\" \/>\n                <\/div>\n            <\/div><div class=\"ebpg-entry-wrapper\"><div class=\"ebpg-entry-meta ebpg-header-meta\"><div class=\"ebpg-entry-meta-items\"><\/div><\/div><header class=\"ebpg-entry-header\">\n            <h4 class=\"ebpg-entry-title\">\n                <a class=\"ebpg-carousel-post-link\" href=\"https:\/\/www.loitz.at\/motorrad\/75972-2\/\" title=\"ffnungszeiten\">\u00d6FFNUNGSZEITEN<\/a>\n            <\/h4>\n        <\/header><div class=\"ebpg-entry-meta ebpg-footer-meta\"><div class=\"ebpg-entry-meta-items\"><span class=\"ebpg-posted-on\">\n             2. November 2022\n        <\/span><\/div><\/div><\/div><\/div><\/article><article class=\"ebpg-carousel-post ebpg-post-carousel-column\" data-id=\"75524\"><div class=\"ebpg-carousel-post-holder\"><a class=\"ebpg-post-link-wrapper eb-sr-only\" href=\"https:\/\/www.loitz.at\/motorrad\/honda-gold-wing-1800-dct\/\">HONDA Gold Wing 1800 DCT<\/a><div class=\"ebpg-entry-media\">\n                <div class=\"ebpg-entry-thumbnail\">\n                    \n                    <img loading=\"lazy\" decoding=\"async\" width=\"995\" height=\"746\" src=\"https:\/\/www.loitz.at\/motorrad\/wp-content\/uploads\/sites\/3\/2022\/05\/Honda_Goldwing_2022_009.jpg\" class=\"attachment-full size-full\" alt=\"\" \/>\n                <\/div>\n            <\/div><div class=\"ebpg-entry-wrapper\"><div class=\"ebpg-entry-meta ebpg-header-meta\"><div class=\"ebpg-entry-meta-items\"><\/div><\/div><header class=\"ebpg-entry-header\">\n            <h4 class=\"ebpg-entry-title\">\n                <a class=\"ebpg-carousel-post-link\" href=\"https:\/\/www.loitz.at\/motorrad\/honda-gold-wing-1800-dct\/\" title=\"hondagoldwing1800dct\">HONDA Gold Wing 1800 DCT<\/a>\n            <\/h4>\n        <\/header><div class=\"ebpg-entry-meta ebpg-footer-meta\"><div class=\"ebpg-entry-meta-items\"><span class=\"ebpg-posted-on\">\n             6. Mai 2022\n        <\/span><\/div><\/div><\/div><\/div><\/article><article class=\"ebpg-carousel-post ebpg-post-carousel-column\" data-id=\"75513\"><div class=\"ebpg-carousel-post-holder\"><a class=\"ebpg-post-link-wrapper eb-sr-only\" href=\"https:\/\/www.loitz.at\/motorrad\/75513-2\/\">APRILIA Tuareg 660<\/a><div class=\"ebpg-entry-media\">\n                <div class=\"ebpg-entry-thumbnail\">\n                    \n                    <img loading=\"lazy\" decoding=\"async\" width=\"1024\" height=\"819\" src=\"https:\/\/www.loitz.at\/motorrad\/wp-content\/uploads\/sites\/3\/2022\/05\/Aprilia-Tuareg-660-Gold-Acid-2022-1024x819-1.jpg\" class=\"attachment-full size-full\" alt=\"\" \/>\n                <\/div>\n            <\/div><div class=\"ebpg-entry-wrapper\"><div class=\"ebpg-entry-meta ebpg-header-meta\"><div class=\"ebpg-entry-meta-items\"><\/div><\/div><header class=\"ebpg-entry-header\">\n            <h4 class=\"ebpg-entry-title\">\n                <a class=\"ebpg-carousel-post-link\" href=\"https:\/\/www.loitz.at\/motorrad\/75513-2\/\" title=\"apriliatuareg660\">APRILIA Tuareg 660<\/a>\n            <\/h4>\n        <\/header><div class=\"ebpg-entry-meta ebpg-footer-meta\"><div class=\"ebpg-entry-meta-items\"><span class=\"ebpg-posted-on\">\n             3. Mai 2022\n        <\/span><\/div><\/div><\/div><\/div><\/article><article class=\"ebpg-carousel-post ebpg-post-carousel-column\" data-id=\"75463\"><div class=\"ebpg-carousel-post-holder\"><a class=\"ebpg-post-link-wrapper eb-sr-only\" href=\"https:\/\/www.loitz.at\/motorrad\/honda-africa-twin-adventure-sports\/\">HONDA Africa Twin Adventure Sports<\/a><div class=\"ebpg-entry-media\">\n                <div class=\"ebpg-entry-thumbnail\">\n                    \n                    <img loading=\"lazy\" decoding=\"async\" width=\"995\" height=\"746\" src=\"https:\/\/www.loitz.at\/motorrad\/wp-content\/uploads\/sites\/3\/2022\/04\/Honda_CRF1100L_Africa_Twin_Adventure_Sports_2022_012.jpg\" class=\"attachment-full size-full\" alt=\"\" \/>\n                <\/div>\n            <\/div><div class=\"ebpg-entry-wrapper\"><div class=\"ebpg-entry-meta ebpg-header-meta\"><div class=\"ebpg-entry-meta-items\"><\/div><\/div><header class=\"ebpg-entry-header\">\n            <h4 class=\"ebpg-entry-title\">\n                <a class=\"ebpg-carousel-post-link\" href=\"https:\/\/www.loitz.at\/motorrad\/honda-africa-twin-adventure-sports\/\" title=\"hondaafricatwinadventuresports\">HONDA Africa Twin Adventure Sports<\/a>\n            <\/h4>\n        <\/header><div class=\"ebpg-entry-meta ebpg-footer-meta\"><div class=\"ebpg-entry-meta-items\"><span class=\"ebpg-posted-on\">\n             14. April 2022\n        <\/span><\/div><\/div><\/div><\/div><\/article><article class=\"ebpg-carousel-post ebpg-post-carousel-column\" data-id=\"75459\"><div class=\"ebpg-carousel-post-holder\"><a class=\"ebpg-post-link-wrapper eb-sr-only\" href=\"https:\/\/www.loitz.at\/motorrad\/vespa-gts-300\/\">VESPA GTS 300<\/a><div class=\"ebpg-entry-media\">\n                <div class=\"ebpg-entry-thumbnail\">\n                    \n                    <img loading=\"lazy\" decoding=\"async\" width=\"518\" height=\"378\" src=\"https:\/\/www.loitz.at\/motorrad\/wp-content\/uploads\/sites\/3\/2022\/04\/GTS-300-mint.jpg\" class=\"attachment-full size-full\" alt=\"\" \/>\n                <\/div>\n            <\/div><div class=\"ebpg-entry-wrapper\"><div class=\"ebpg-entry-meta ebpg-header-meta\"><div class=\"ebpg-entry-meta-items\"><\/div><\/div><header class=\"ebpg-entry-header\">\n            <h4 class=\"ebpg-entry-title\">\n                <a class=\"ebpg-carousel-post-link\" href=\"https:\/\/www.loitz.at\/motorrad\/vespa-gts-300\/\" title=\"vespagts300\">VESPA GTS 300<\/a>\n            <\/h4>\n        <\/header><div class=\"ebpg-entry-meta ebpg-footer-meta\"><div class=\"ebpg-entry-meta-items\"><span class=\"ebpg-posted-on\">\n             14. April 2022\n        <\/span><\/div><\/div><\/div><\/div><\/article><article class=\"ebpg-carousel-post ebpg-post-carousel-column\" data-id=\"74545\"><div class=\"ebpg-carousel-post-holder\"><a class=\"ebpg-post-link-wrapper eb-sr-only\" href=\"https:\/\/www.loitz.at\/motorrad\/aprilia-tuono-1100-v4-factory-model-2020\/\">YAMAHA MT10<\/a><div class=\"ebpg-entry-media\">\n                <div class=\"ebpg-entry-thumbnail\">\n                    \n                    <img loading=\"lazy\" decoding=\"async\" width=\"2000\" height=\"1125\" src=\"https:\/\/www.loitz.at\/motorrad\/wp-content\/uploads\/sites\/3\/2021\/05\/Mt10.jpg\" class=\"attachment-full size-full\" alt=\"\" \/>\n                <\/div>\n            <\/div><div class=\"ebpg-entry-wrapper\"><div class=\"ebpg-entry-meta ebpg-header-meta\"><div class=\"ebpg-entry-meta-items\"><\/div><\/div><header class=\"ebpg-entry-header\">\n            <h4 class=\"ebpg-entry-title\">\n                <a class=\"ebpg-carousel-post-link\" href=\"https:\/\/www.loitz.at\/motorrad\/aprilia-tuono-1100-v4-factory-model-2020\/\" title=\"yamahamt10\">YAMAHA MT10<\/a>\n            <\/h4>\n        <\/header><div class=\"ebpg-entry-meta ebpg-footer-meta\"><div class=\"ebpg-entry-meta-items\"><span class=\"ebpg-posted-on\">\n             28. Mai 2021\n        <\/span><\/div><\/div><\/div><\/div><\/article><article class=\"ebpg-carousel-post ebpg-post-carousel-column\" data-id=\"71979\"><div class=\"ebpg-carousel-post-holder\"><a class=\"ebpg-post-link-wrapper eb-sr-only\" href=\"https:\/\/www.loitz.at\/motorrad\/news3\/\">Online Terminvergabe f\u00fcr die \u00a757a-Begutachtung<\/a><div class=\"ebpg-entry-media\">\n                <div class=\"ebpg-entry-thumbnail\">\n                    \n                    <img loading=\"lazy\" decoding=\"async\" width=\"500\" height=\"281\" src=\"https:\/\/www.loitz.at\/motorrad\/wp-content\/uploads\/sites\/3\/2018\/05\/57a.png\" class=\"attachment-full size-full\" alt=\"\" \/>\n                <\/div>\n            <\/div><div class=\"ebpg-entry-wrapper\"><div class=\"ebpg-entry-meta ebpg-header-meta\"><div class=\"ebpg-entry-meta-items\"><\/div><\/div><header class=\"ebpg-entry-header\">\n            <h4 class=\"ebpg-entry-title\">\n                <a class=\"ebpg-carousel-post-link\" href=\"https:\/\/www.loitz.at\/motorrad\/news3\/\" title=\"onlineterminvergabefrdie57a-begutachtung\">Online Terminvergabe f\u00fcr die \u00a757a-Begutachtung<\/a>\n            <\/h4>\n        <\/header><div class=\"ebpg-entry-meta ebpg-footer-meta\"><div class=\"ebpg-entry-meta-items\"><span class=\"ebpg-posted-on\">\n             7. Mai 2018\n        <\/span><\/div><\/div><\/div><\/div><\/article>            <\/div>\n        <\/div>\n    <\/div>\n<\/div><\/div>\n\n\n\n<div class=\"wp-block-cover alignfull no-gap\" style=\"min-height:65vh;aspect-ratio:unset;\"><img loading=\"lazy\" decoding=\"async\" width=\"1536\" height=\"2048\" class=\"wp-block-cover__image-background wp-image-78789\" alt=\"\" src=\"https:\/\/www.loitz.at\/motorrad\/wp-content\/uploads\/sites\/3\/2025\/02\/1740665073488-1.jpg\" style=\"object-position:50% 47%\" data-object-fit=\"cover\" data-object-position=\"50% 47%\" srcset=\"https:\/\/www.loitz.at\/motorrad\/wp-content\/uploads\/sites\/3\/2025\/02\/1740665073488-1.jpg 1536w, https:\/\/www.loitz.at\/motorrad\/wp-content\/uploads\/sites\/3\/2025\/02\/1740665073488-1-225x300.jpg 225w, https:\/\/www.loitz.at\/motorrad\/wp-content\/uploads\/sites\/3\/2025\/02\/1740665073488-1-768x1024.jpg 768w, https:\/\/www.loitz.at\/motorrad\/wp-content\/uploads\/sites\/3\/2025\/02\/1740665073488-1-1152x1536.jpg 1152w\" sizes=\"auto, (max-width: 1536px) 100vw, 1536px\" \/><span aria-hidden=\"true\" class=\"wp-block-cover__background has-background-dim-0 has-background-dim\" style=\"background-color:#807b76\"><\/span><div class=\"wp-block-cover__inner-container is-layout-flow wp-block-cover-is-layout-flow\">\n<h1 class=\"wp-block-heading has-text-align-center\"><\/h1>\n\n\n\n<p class=\"has-text-align-center\"><\/p>\n\n\n\n<div style=\"height:35px\" aria-hidden=\"true\" class=\"wp-block-spacer\"><\/div>\n<\/div><\/div>\n","protected":false},"excerpt":{"rendered":"","protected":false},"author":1,"featured_media":0,"parent":0,"menu_order":0,"comment_status":"closed","ping_status":"closed","template":"","meta":{"_eb_attr":"","footnotes":""},"class_list":["post-814","page","type-page","status-publish","hentry"],"aioseo_notices":[],"mb":[],"mfb_rest_fields":["title","aioseo_notices"],"_links":{"self":[{"href":"https:\/\/www.loitz.at\/motorrad\/wp-json\/wp\/v2\/pages\/814","targetHints":{"allow":["GET"]}}],"collection":[{"href":"https:\/\/www.loitz.at\/motorrad\/wp-json\/wp\/v2\/pages"}],"about":[{"href":"https:\/\/www.loitz.at\/motorrad\/wp-json\/wp\/v2\/types\/page"}],"author":[{"embeddable":true,"href":"https:\/\/www.loitz.at\/motorrad\/wp-json\/wp\/v2\/users\/1"}],"replies":[{"embeddable":true,"href":"https:\/\/www.loitz.at\/motorrad\/wp-json\/wp\/v2\/comments?post=814"}],"version-history":[{"count":112,"href":"https:\/\/www.loitz.at\/motorrad\/wp-json\/wp\/v2\/pages\/814\/revisions"}],"predecessor-version":[{"id":79905,"href":"https:\/\/www.loitz.at\/motorrad\/wp-json\/wp\/v2\/pages\/814\/revisions\/79905"}],"wp:attachment":[{"href":"https:\/\/www.loitz.at\/motorrad\/wp-json\/wp\/v2\/media?parent=814"}],"curies":[{"name":"wp","href":"https:\/\/api.w.org\/{rel}","templated":true}]}}